{"version":"1.0","provider_name":"Biennale Culturelle Ma\u00e7onnique de Bordeaux","provider_url":"https:\/\/www.imaq.fr\/blog","author_name":"BCMB","author_url":"https:\/\/www.imaq.fr\/blog\/author\/pomirol\/","title":"Salim BACHI - Biennale Culturelle Ma\u00e7onnique de Bordeaux","type":"rich","width":600,"height":338,"html":"<blockquote class=\"wp-embedded-content\" data-secret=\"KcxDEg47eW\"><a href=\"https:\/\/www.imaq.fr\/blog\/2016\/03\/salim-bachi\/\">Salim BACHI<\/a><\/blockquote><iframe sandbox=\"allow-scripts\" security=\"restricted\" src=\"https:\/\/www.imaq.fr\/blog\/2016\/03\/salim-bachi\/embed\/#?secret=KcxDEg47eW\" width=\"600\" height=\"338\" title=\"\u00ab\u00a0Salim BACHI\u00a0\u00bb &#8212; Biennale Culturelle Ma\u00e7onnique de Bordeaux\" data-secret=\"KcxDEg47eW\" frameborder=\"0\" marginwidth=\"0\" marginheight=\"0\" scrolling=\"no\" class=\"wp-embedded-content\"><\/iframe><script>\n\/*! This file is auto-generated *\/\n!function(d,l){\"use strict\";l.querySelector&&d.addEventListener&&\"undefined\"!=typeof URL&&(d.wp=d.wp||{},d.wp.receiveEmbedMessage||(d.wp.receiveEmbedMessage=function(e){var t=e.data;if((t||t.secret||t.message||t.value)&&!\/[^a-zA-Z0-9]\/.test(t.secret)){for(var s,r,n,a=l.querySelectorAll('iframe[data-secret=\"'+t.secret+'\"]'),o=l.querySelectorAll('blockquote[data-secret=\"'+t.secret+'\"]'),c=new RegExp(\"^https?:$\",\"i\"),i=0;i<o.length;i++)o[i].style.display=\"none\";for(i=0;i<a.length;i++)s=a[i],e.source===s.contentWindow&&(s.removeAttribute(\"style\"),\"height\"===t.message?(1e3<(r=parseInt(t.value,10))?r=1e3:~~r<200&&(r=200),s.height=r):\"link\"===t.message&&(r=new URL(s.getAttribute(\"src\")),n=new URL(t.value),c.test(n.protocol))&&n.host===r.host&&l.activeElement===s&&(d.top.location.href=t.value))}},d.addEventListener(\"message\",d.wp.receiveEmbedMessage,!1),l.addEventListener(\"DOMContentLoaded\",function(){for(var e,t,s=l.querySelectorAll(\"iframe.wp-embedded-content\"),r=0;r<s.length;r++)(t=(e=s[r]).getAttribute(\"data-secret\"))||(t=Math.random().toString(36).substring(2,12),e.src+=\"#?secret=\"+t,e.setAttribute(\"data-secret\",t)),e.contentWindow.postMessage({message:\"ready\",secret:t},\"*\")},!1)))}(window,document);\n\/\/# sourceURL=https:\/\/www.imaq.fr\/blog\/wp-includes\/js\/wp-embed.min.js\n<\/script>\n","description":"Extrait d&rsquo;un article du\u00a0Monde sign\u00e9 Jos\u00e9-Alain Fralon\u00a0: \u00ab\u00a0Aristides de Souza Mendes est ce consul du Portugal \u00e0 Bordeaux en 1940, qui, \u00e0 l\u2019inverse d\u2019un Maurice Papon, choisit de d\u00e9sob\u00e9ir \u00e0 son gouvernement pour sauver milliers de personnes en leur d\u00e9livrant des visas. Le Portugal \u00e9tait neutre dans le second conflit mondial, mais son dictateur Salazar [&hellip;]","thumbnail_url":"https:\/\/www.imaq.fr\/blog\/wp-content\/uploads\/2016\/03\/le_consul.jpg","thumbnail_width":839,"thumbnail_height":1222}