{"version":"1.0","provider_name":"Biennale Culturelle Ma\u00e7onnique de Bordeaux","provider_url":"https:\/\/www.imaq.fr\/blog","author_name":"BCMB","author_url":"https:\/\/www.imaq.fr\/blog\/author\/pomirol\/","title":"Conf\u00e9rence de Robert Kalbach - Biennale Culturelle Ma\u00e7onnique de Bordeaux","type":"rich","width":600,"height":338,"html":"<blockquote class=\"wp-embedded-content\" data-secret=\"IwK45LIB9u\"><a href=\"https:\/\/www.imaq.fr\/blog\/2017\/02\/conference-de-robert-kalbach\/\">Conf\u00e9rence de Robert Kalbach<\/a><\/blockquote><iframe sandbox=\"allow-scripts\" security=\"restricted\" src=\"https:\/\/www.imaq.fr\/blog\/2017\/02\/conference-de-robert-kalbach\/embed\/#?secret=IwK45LIB9u\" width=\"600\" height=\"338\" title=\"\u00ab\u00a0Conf\u00e9rence de Robert Kalbach\u00a0\u00bb &#8212; Biennale Culturelle Ma\u00e7onnique de Bordeaux\" data-secret=\"IwK45LIB9u\" frameborder=\"0\" marginwidth=\"0\" marginheight=\"0\" scrolling=\"no\" class=\"wp-embedded-content\"><\/iframe><script>\n\/*! This file is auto-generated *\/\n!function(d,l){\"use strict\";l.querySelector&&d.addEventListener&&\"undefined\"!=typeof URL&&(d.wp=d.wp||{},d.wp.receiveEmbedMessage||(d.wp.receiveEmbedMessage=function(e){var t=e.data;if((t||t.secret||t.message||t.value)&&!\/[^a-zA-Z0-9]\/.test(t.secret)){for(var s,r,n,a=l.querySelectorAll('iframe[data-secret=\"'+t.secret+'\"]'),o=l.querySelectorAll('blockquote[data-secret=\"'+t.secret+'\"]'),c=new RegExp(\"^https?:$\",\"i\"),i=0;i<o.length;i++)o[i].style.display=\"none\";for(i=0;i<a.length;i++)s=a[i],e.source===s.contentWindow&&(s.removeAttribute(\"style\"),\"height\"===t.message?(1e3<(r=parseInt(t.value,10))?r=1e3:~~r<200&&(r=200),s.height=r):\"link\"===t.message&&(r=new URL(s.getAttribute(\"src\")),n=new URL(t.value),c.test(n.protocol))&&n.host===r.host&&l.activeElement===s&&(d.top.location.href=t.value))}},d.addEventListener(\"message\",d.wp.receiveEmbedMessage,!1),l.addEventListener(\"DOMContentLoaded\",function(){for(var e,t,s=l.querySelectorAll(\"iframe.wp-embedded-content\"),r=0;r<s.length;r++)(t=(e=s[r]).getAttribute(\"data-secret\"))||(t=Math.random().toString(36).substring(2,12),e.src+=\"#?secret=\"+t,e.setAttribute(\"data-secret\",t)),e.contentWindow.postMessage({message:\"ready\",secret:t},\"*\")},!1)))}(window,document);\n\/\/# sourceURL=https:\/\/www.imaq.fr\/blog\/wp-includes\/js\/wp-embed.min.js\n<\/script>\n","description":"Le Grand Architecte de l\u2019Univers : du symbole \u00e0 la fracture Conf\u00e9rence donn\u00e9e le 16 avril 2016 lors de la 3\u00e8me Biennale Culturelle Ma\u00e7onnique de Bordeaux Enregistrement de la conf\u00e9rence de Robert Kalbach Question sur le temps et r\u00e9ponse de Robert Kalbach Question sur l&rsquo;ordre ma\u00e7onnique et les ob\u00e9diences et r\u00e9ponse de Robert Kalbach"}