{"version":"1.0","provider_name":"Biennale Culturelle Ma\u00e7onnique de Bordeaux","provider_url":"https:\/\/www.imaq.fr\/blog","author_name":"BCMB","author_url":"https:\/\/www.imaq.fr\/blog\/author\/pomirol\/","title":"Pr\u00e9sidentielle\u00a0: des ob\u00e9diences ma\u00e7onniques lancent un Appel r\u00e9publicain - Biennale Culturelle Ma\u00e7onnique de Bordeaux","type":"rich","width":600,"height":338,"html":"<blockquote class=\"wp-embedded-content\" data-secret=\"oYYeLnLHON\"><a href=\"https:\/\/www.imaq.fr\/blog\/2017\/04\/presidentielle-appel-republicain\/\">Pr\u00e9sidentielle\u00a0: des ob\u00e9diences ma\u00e7onniques lancent un Appel r\u00e9publicain<\/a><\/blockquote><iframe sandbox=\"allow-scripts\" security=\"restricted\" src=\"https:\/\/www.imaq.fr\/blog\/2017\/04\/presidentielle-appel-republicain\/embed\/#?secret=oYYeLnLHON\" width=\"600\" height=\"338\" title=\"\u00ab\u00a0Pr\u00e9sidentielle\u00a0: des ob\u00e9diences ma\u00e7onniques lancent un Appel r\u00e9publicain\u00a0\u00bb &#8212; Biennale Culturelle Ma\u00e7onnique de Bordeaux\" data-secret=\"oYYeLnLHON\" frameborder=\"0\" marginwidth=\"0\" marginheight=\"0\" scrolling=\"no\" class=\"wp-embedded-content\"><\/iframe><script>\n\/*! This file is auto-generated *\/\n!function(d,l){\"use strict\";l.querySelector&&d.addEventListener&&\"undefined\"!=typeof URL&&(d.wp=d.wp||{},d.wp.receiveEmbedMessage||(d.wp.receiveEmbedMessage=function(e){var t=e.data;if((t||t.secret||t.message||t.value)&&!\/[^a-zA-Z0-9]\/.test(t.secret)){for(var s,r,n,a=l.querySelectorAll('iframe[data-secret=\"'+t.secret+'\"]'),o=l.querySelectorAll('blockquote[data-secret=\"'+t.secret+'\"]'),c=new RegExp(\"^https?:$\",\"i\"),i=0;i<o.length;i++)o[i].style.display=\"none\";for(i=0;i<a.length;i++)s=a[i],e.source===s.contentWindow&&(s.removeAttribute(\"style\"),\"height\"===t.message?(1e3<(r=parseInt(t.value,10))?r=1e3:~~r<200&&(r=200),s.height=r):\"link\"===t.message&&(r=new URL(s.getAttribute(\"src\")),n=new URL(t.value),c.test(n.protocol))&&n.host===r.host&&l.activeElement===s&&(d.top.location.href=t.value))}},d.addEventListener(\"message\",d.wp.receiveEmbedMessage,!1),l.addEventListener(\"DOMContentLoaded\",function(){for(var e,t,s=l.querySelectorAll(\"iframe.wp-embedded-content\"),r=0;r<s.length;r++)(t=(e=s[r]).getAttribute(\"data-secret\"))||(t=Math.random().toString(36).substring(2,12),e.src+=\"#?secret=\"+t,e.setAttribute(\"data-secret\",t)),e.contentWindow.postMessage({message:\"ready\",secret:t},\"*\")},!1)))}(window,document);\n\/\/# sourceURL=https:\/\/www.imaq.fr\/blog\/wp-includes\/js\/wp-embed.min.js\n<\/script>\n","description":"Les Ob\u00e9diences ma\u00e7onniques signataires de cet Appel rappellent l\u2019importance de la prochaine \u00e9ch\u00e9ance \u00e9lectorale qui va engager notre pays pour les ann\u00e9es qui viennent. Hors de nos territoires le r\u00e9sultat de cette \u00e9lection sera observ\u00e9 par toutes celles et tous ceux qui se font une certaine id\u00e9e de la France r\u00e9publicaine, porteuse historique des id\u00e9aux [&hellip;]"}