{"version":"1.0","provider_name":"Biennale Culturelle Ma\u00e7onnique de Bordeaux","provider_url":"https:\/\/www.imaq.fr\/blog","author_name":"BCMB","author_url":"https:\/\/www.imaq.fr\/blog\/author\/pomirol\/","title":"L'\u00c9conomie Sociale et Solidaire : bien plus qu'une alternative, un moteur du vivre ensemble.","type":"rich","width":600,"height":338,"html":"<blockquote class=\"wp-embedded-content\" data-secret=\"U7Z29CQJV4\"><a href=\"https:\/\/www.imaq.fr\/blog\/2025\/12\/economie-sociale-solidaire-ess-biennale-bordeaux\/\">\u00c9conomie sociale et solidaire : Pour une \u00e9conomie \u00e0 visage humain, moteur d\u2019un vivre ensemble durable<\/a><\/blockquote><iframe sandbox=\"allow-scripts\" security=\"restricted\" src=\"https:\/\/www.imaq.fr\/blog\/2025\/12\/economie-sociale-solidaire-ess-biennale-bordeaux\/embed\/#?secret=U7Z29CQJV4\" width=\"600\" height=\"338\" title=\"\u00ab\u00a0\u00c9conomie sociale et solidaire : Pour une \u00e9conomie \u00e0 visage humain, moteur d\u2019un vivre ensemble durable\u00a0\u00bb &#8212; Biennale Culturelle Ma\u00e7onnique de Bordeaux\" data-secret=\"U7Z29CQJV4\" frameborder=\"0\" marginwidth=\"0\" marginheight=\"0\" scrolling=\"no\" class=\"wp-embedded-content\"><\/iframe><script>\n\/*! This file is auto-generated *\/\n!function(d,l){\"use strict\";l.querySelector&&d.addEventListener&&\"undefined\"!=typeof URL&&(d.wp=d.wp||{},d.wp.receiveEmbedMessage||(d.wp.receiveEmbedMessage=function(e){var t=e.data;if((t||t.secret||t.message||t.value)&&!\/[^a-zA-Z0-9]\/.test(t.secret)){for(var s,r,n,a=l.querySelectorAll('iframe[data-secret=\"'+t.secret+'\"]'),o=l.querySelectorAll('blockquote[data-secret=\"'+t.secret+'\"]'),c=new RegExp(\"^https?:$\",\"i\"),i=0;i<o.length;i++)o[i].style.display=\"none\";for(i=0;i<a.length;i++)s=a[i],e.source===s.contentWindow&&(s.removeAttribute(\"style\"),\"height\"===t.message?(1e3<(r=parseInt(t.value,10))?r=1e3:~~r<200&&(r=200),s.height=r):\"link\"===t.message&&(r=new URL(s.getAttribute(\"src\")),n=new URL(t.value),c.test(n.protocol))&&n.host===r.host&&l.activeElement===s&&(d.top.location.href=t.value))}},d.addEventListener(\"message\",d.wp.receiveEmbedMessage,!1),l.addEventListener(\"DOMContentLoaded\",function(){for(var e,t,s=l.querySelectorAll(\"iframe.wp-embedded-content\"),r=0;r<s.length;r++)(t=(e=s[r]).getAttribute(\"data-secret\"))||(t=Math.random().toString(36).substring(2,12),e.src+=\"#?secret=\"+t,e.setAttribute(\"data-secret\",t)),e.contentWindow.postMessage({message:\"ready\",secret:t},\"*\")},!1)))}(window,document);\n\/\/# sourceURL=https:\/\/www.imaq.fr\/blog\/wp-includes\/js\/wp-embed.min.js\n<\/script>\n","description":"Saviez-vous que l'ESS repr\u00e9sente 14 % de l'emploi priv\u00e9 en France ? \u00c0 l'approche du Forum mondial de l'ESS \u00e0 Bordeaux, Marie-Laure Cuvelier et Timoth\u00e9e Duverger d\u00e9cryptent cette \"\u00e9conomie de la paix\". Un mod\u00e8le qui place l'humain avant le profit pour construire un avenir durable. \u00c0 lire pour changer de regard sur notre \u00e9conomie !","thumbnail_url":"https:\/\/www.imaq.fr\/blog\/wp-content\/uploads\/2025\/10\/DSC_5778-scaled.jpg","thumbnail_width":2560,"thumbnail_height":2339}